{"id":144,"date":"2020-04-23T18:12:21","date_gmt":"2020-04-23T18:12:21","guid":{"rendered":"https:\/\/psicologiageneralista.com\/index.php\/user\/"},"modified":"2020-07-26T18:07:03","modified_gmt":"2020-07-26T18:07:03","slug":"usuario","status":"publish","type":"page","link":"https:\/\/psicologiageneralista.com\/index.php\/usuario\/","title":{"rendered":"Usuario"},"content":{"rendered":"<p>[et_pb_section fb_built=&#8221;1&#8243; fullwidth=&#8221;on&#8221; _builder_version=&#8221;3.22&#8243; background_color=&#8221;#2ea3f2&#8243; use_background_color_gradient=&#8221;on&#8221; background_color_gradient_start=&#8221;#2ea3f2&#8243; background_color_gradient_end=&#8221;#2e6df4&#8243; background_color_gradient_direction=&#8221;330deg&#8221;][et_pb_fullwidth_header title=&#8221;Usuario&#8221; subhead=&#8221;Bienvenido a tu zona de asociado&#8221; _builder_version=&#8221;4.4.3&#8243; background_color=&#8221;rgba(255, 255, 255, 0)&#8221; button_one_text_size__hover_enabled=&#8221;off&#8221; button_two_text_size__hover_enabled=&#8221;off&#8221; button_one_text_color__hover_enabled=&#8221;off&#8221; button_two_text_color__hover_enabled=&#8221;off&#8221; button_one_border_width__hover_enabled=&#8221;off&#8221; button_two_border_width__hover_enabled=&#8221;off&#8221; button_one_border_color__hover_enabled=&#8221;off&#8221; button_two_border_color__hover_enabled=&#8221;off&#8221; button_one_border_radius__hover_enabled=&#8221;off&#8221; button_two_border_radius__hover_enabled=&#8221;off&#8221; button_one_letter_spacing__hover_enabled=&#8221;off&#8221; button_two_letter_spacing__hover_enabled=&#8221;off&#8221; button_one_bg_color__hover_enabled=&#8221;off&#8221; button_two_bg_color__hover_enabled=&#8221;off&#8221;][\/et_pb_fullwidth_header][\/et_pb_section][et_pb_section fb_built=&#8221;1&#8243; specialty=&#8221;on&#8221; _builder_version=&#8221;3.22&#8243;][et_pb_column type=&#8221;1_4&#8243; _builder_version=&#8221;3.25&#8243; custom_padding=&#8221;|||&#8221; custom_padding__hover=&#8221;|||&#8221;][et_pb_sidebar _builder_version=&#8221;4.4.3&#8243; text_shadow_style=&#8221;preset1&#8243; text_shadow_color=&#8221;#0c71c3&#8243;][\/et_pb_sidebar][et_pb_image src=&#8221;https:\/\/psicologiageneralista.com\/wp-content\/uploads\/2020\/06\/descarga-1.jpg&#8221; _builder_version=&#8221;4.4.3&#8243;][\/et_pb_image][et_pb_text _builder_version=&#8221;4.4.3&#8243;]<\/p>\n<p><a href=\"https:\/\/drive.google.com\/file\/d\/1PTclMnP2_TvXWJkU9o6WJjMRpkx1Gnc9\/view?usp=sharing\">Tema 1. \u00bfQu\u00e9 es un informe psicol\u00f3gico?<\/a><\/p>\n<p><a href=\"https:\/\/drive.google.com\/file\/d\/1m78l-5gUjbGPe05FHJGQM8wQNKZnw6w-\/view?usp=sharing\">Tema 2. El Encabezamiento<\/a><\/p>\n<p><a href=\"https:\/\/drive.google.com\/file\/d\/1vKChuS-mXsBKZbGvaGV9zh7do7PQrUtl\/view?usp=sharing\">Tema 3. Empezamos la evaluaci\u00f3n<\/a><\/p>\n<p><a href=\"https:\/\/drive.google.com\/file\/d\/1K0v3UaHoQ5pzjPxTVwzKr2qEeJPzQ7p_\/view?usp=sharing\">Tema 4. T\u00e9cnicas y Procedimientos<\/a><\/p>\n<p><a href=\"https:\/\/drive.google.com\/file\/d\/1Y4FrEPDnyJCILUzsygrsUf3U1BNbMYbB\/view?usp=sharing\">Tema 5. Resultados<\/a><\/p>\n<p><a href=\"https:\/\/drive.google.com\/file\/d\/1S83fxnQfV2tWik6GfG1szQNjBRkDdpHs\/view?usp=sharing\">Tema 6. Conclusiones<\/a><\/p>\n<p>[\/et_pb_text][\/et_pb_column][et_pb_column type=&#8221;1_2&#8243; specialty_columns=&#8221;2&#8243; _builder_version=&#8221;3.25&#8243; custom_padding=&#8221;|||&#8221; custom_padding__hover=&#8221;|||&#8221;][et_pb_row_inner _builder_version=&#8221;4.4.3&#8243;][et_pb_column_inner saved_specialty_column_type=&#8221;1_2&#8243; _builder_version=&#8221;3.25&#8243; custom_padding=&#8221;|||&#8221; custom_padding__hover=&#8221;|||&#8221;][et_pb_text _builder_version=&#8221;4.4.3&#8243; background_size=&#8221;initial&#8221; background_position=&#8221;top_left&#8221; background_repeat=&#8221;repeat&#8221;]<\/p>\n<h2><span style=\"color: #00ccff;\">Zona Privada AEPG<\/span><\/h2>\n<p>&nbsp;<\/p>\n<p style=\"text-align: justify;\"><span style=\"font-weight: 400;\">La Asociaci\u00f3n Espa\u00f1ola de Psicolog\u00eda Generalista est\u00e1 compuesta por profesionales graduados y licenciados de todo el territorio nacional. Disponemos de una amplia formaci\u00f3n en el \u00e1mbito de la investigaci\u00f3n e intervenci\u00f3n sobre la conducta humana, avalados por los programas de formaci\u00f3n tanto nacionales como europeos.\u00a0<\/span><\/p>\n<p style=\"text-align: justify;\"><span style=\"font-weight: 400;\">Igualmente abrimos nuestras puertas a estudiantes que est\u00e9n interesados en ampliar sus conocimientos y desarrollar estrategias de emprendimiento en el mundo de la psicolog\u00eda.<\/span><\/p>\n<p style=\"text-align: justify;\"><span style=\"font-weight: 400;\">En este apartado podr\u00e1s encontrar el material necesario para tu pr\u00e1ctica diaria , as\u00ed c\u00f3mo, informaci\u00f3n necesaria para montar un despacho de psicolog\u00eda.<\/span><\/p>\n<p style=\"text-align: justify;\"><span style=\"font-weight: 400;\">Recordamos que todo este material es exclusivo de la Asociaci\u00f3n Espa\u00f1ola de Psicolog\u00eda Generalista y sus asociaciados. Est\u00e1 terminantemente prohibido difundir dicho material sin la autorizaci\u00f3n expresa de la Asociaci\u00f3n.<\/span><\/p>\n<p>[\/et_pb_text][\/et_pb_column_inner][\/et_pb_row_inner][et_pb_row_inner column_structure=&#8221;1_2,1_2&#8243; _builder_version=&#8221;3.25&#8243;][et_pb_column_inner type=&#8221;1_2&#8243; saved_specialty_column_type=&#8221;1_2&#8243; _builder_version=&#8221;3.25&#8243; custom_padding=&#8221;|||&#8221; custom_padding__hover=&#8221;|||&#8221;][et_pb_text _builder_version=&#8221;4.4.3&#8243; background_size=&#8221;initial&#8221; background_position=&#8221;top_left&#8221; background_repeat=&#8221;repeat&#8221;]<\/p>\n<h3><span style=\"color: #00ccff;\">Bienvenida de nuestro Presidente<\/span><\/h3>\n<p><img loading=\"lazy\" decoding=\"async\" src=\"https:\/\/psicologiageneralista.com\/wp-content\/uploads\/2020\/04\/61592751_469142680543599_1460123094902374400_n-300x300.jpg\" width=\"260\" height=\"260\" alt=\"\" class=\"wp-image-239 alignnone size-medium\" \/><\/p>\n<p>Nuestro Presidente , Mario L\u00f3pez , te da la bienvenida y te explica los objetivos establecidos por nuestra Asociaci\u00f3n.<\/p>\n<p>No te lo pierdas. <a href=\"https:\/\/drive.google.com\/file\/d\/1cIvXJEiKQVtZYnyxofjJ1Q8LgqHreT1m\/view?usp=sharing\">Leer<\/a><\/p>\n<p>[\/et_pb_text][\/et_pb_column_inner][et_pb_column_inner type=&#8221;1_2&#8243; saved_specialty_column_type=&#8221;1_2&#8243; _builder_version=&#8221;3.25&#8243; custom_padding=&#8221;|||&#8221; custom_padding__hover=&#8221;|||&#8221;][et_pb_text _builder_version=&#8221;4.4.3&#8243; background_size=&#8221;initial&#8221; background_position=&#8221;top_left&#8221; background_repeat=&#8221;repeat&#8221;]<\/p>\n<h3><span style=\"color: #00ccff;\">Red PsicoGe<\/span><\/h3>\n<p><img loading=\"lazy\" decoding=\"async\" src=\"https:\/\/psicologiageneralista.com\/wp-content\/uploads\/2020\/04\/PsicoGe-300x300.png\" width=\"300\" height=\"300\" alt=\"\" class=\"wp-image-240 alignnone size-medium\" \/><\/p>\n<p style=\"text-align: justify;\">La Asociaci\u00f3n Espa\u00f1ola de Psicolog\u00eda Generalista , est\u00e1 elaborando para sus asociados , una gu\u00eda de profesionales en todo el territorio nacional.<\/p>\n<p style=\"text-align: justify;\">\u00bfTe gustar\u00eda pertenecer a nuestra red?<\/p>\n<p style=\"text-align: justify;\">S\u00f3lo tienes que enviarnos tus datos personales, n\u00ba de colegiado, direcci\u00f3n de la consulta y orientaci\u00f3n profesional a\u00a0 info@psicologiageneralista.com<\/p>\n<p>[\/et_pb_text][\/et_pb_column_inner][\/et_pb_row_inner][et_pb_row_inner _builder_version=&#8221;4.4.3&#8243;][et_pb_column_inner saved_specialty_column_type=&#8221;1_2&#8243; _builder_version=&#8221;4.4.3&#8243;][et_pb_divider color=&#8221;#0c71c3&#8243; divider_weight=&#8221;5px&#8221; _builder_version=&#8221;4.4.3&#8243;][\/et_pb_divider][\/et_pb_column_inner][\/et_pb_row_inner][et_pb_row_inner _builder_version=&#8221;4.4.3&#8243;][et_pb_column_inner saved_specialty_column_type=&#8221;1_2&#8243; _builder_version=&#8221;4.4.3&#8243;][et_pb_text _builder_version=&#8221;4.4.3&#8243; link_option_url=&#8221;https:\/\/www.youtube.com\/channel\/UClMRwjoWKyQvLqj7B45IdbQ&#8221;]<\/p>\n<h4><span style=\"color: #00ccff;\"><strong>CANAL YOUTUBE AEPG<\/strong><\/span><\/h4>\n<p>Aqu\u00ed puedes ver algunos videos de nuestra Asociaci\u00f3n. te invitamos a suscribirte a nuestro Canal de Youtube.<\/p>\n<p>[\/et_pb_text][\/et_pb_column_inner][\/et_pb_row_inner][et_pb_row_inner column_structure=&#8221;1_2,1_2&#8243; _builder_version=&#8221;4.4.3&#8243;][et_pb_column_inner type=&#8221;1_2&#8243; saved_specialty_column_type=&#8221;1_2&#8243; _builder_version=&#8221;4.4.3&#8243;][et_pb_video src=&#8221;https:\/\/youtu.be\/ZHjN7QoyX1g&#8221; play_icon_color=&#8221;#0c71c3&#8243; use_icon_font_size=&#8221;on&#8221; _builder_version=&#8221;4.4.3&#8243;][\/et_pb_video][\/et_pb_column_inner][et_pb_column_inner type=&#8221;1_2&#8243; saved_specialty_column_type=&#8221;1_2&#8243; _builder_version=&#8221;4.4.3&#8243;][et_pb_video src=&#8221;https:\/\/youtu.be\/kEW6n3UIZow&#8221; _builder_version=&#8221;4.4.3&#8243;][\/et_pb_video][\/et_pb_column_inner][\/et_pb_row_inner][\/et_pb_column][et_pb_column type=&#8221;1_4&#8243; _builder_version=&#8221;3.25&#8243; custom_padding=&#8221;|||&#8221; custom_padding__hover=&#8221;|||&#8221;][et_pb_accordion _builder_version=&#8221;4.4.3&#8243;][et_pb_accordion_item title=&#8221;Zona ACT&#8221; open=&#8221;on&#8221; _builder_version=&#8221;4.4.3&#8243;]<\/p>\n<p><a href=\"https:\/\/drive.google.com\/open?id=14E7S_KkpmpC4m9Jiz3JjErS0HhKUZ5fk\">Fusi\u00f3n Cognitiva<\/a><\/p>\n<p><a href=\"https:\/\/drive.google.com\/file\/d\/1d2wXMtcZouhhXCQwCebqI88wMn3hAR6z\/view?usp=sharing\">Formulario de Metas, Acciones y Barreras<\/a><\/p>\n<p><a href=\"https:\/\/drive.google.com\/file\/d\/1cf63eHXcy_lAp9jBsnmztMzZz-CVAfYK\/view?usp=sharing\">Registro de Malestar y acciones valiosas<\/a><\/p>\n<p><a href=\"https:\/\/drive.google.com\/file\/d\/1T1zwdOOsUTvaxcAxi6ShZOTnVJNRtSOq\/view?usp=sharing\">Hoja de Flexibilidad cognitiva<\/a><\/p>\n<p><a href=\"https:\/\/drive.google.com\/file\/d\/1FMHR87DkhJNk0IdyWOvGoLisT_fd5Ln7\/view?usp=sharing\">Cuestionario valores de consistencia<\/a><\/p>\n<p><a href=\"https:\/\/drive.google.com\/file\/d\/1k-oou1RqKJBZuZYOMHOWcmw5YmS35IjL\/view?usp=sharing\">AAQ-II<\/a><\/p>\n<p><a href=\"https:\/\/drive.google.com\/file\/d\/1szb75n3NV2uHUmvkAApyGb7YwF2ZRQj4\/view?usp=sharing\">Cuestionario de valores<\/a><\/p>\n<p><a href=\"https:\/\/drive.google.com\/file\/d\/1bafv8ixh8l0K6E6dtCQASYcFLeyfJ6kj\/view?usp=sharing\">Actadvisor<\/a><\/p>\n<p><a href=\"https:\/\/drive.google.com\/file\/d\/1WxxfncpSnarmmSJCKF3DETHuzcUg1zoN\/view?usp=sharing\">Formulario de consulta<\/a><\/p>\n<p>[\/et_pb_accordion_item][et_pb_accordion_item title=&#8221;Zona FAP&#8221; _builder_version=&#8221;4.4.3&#8243; open=&#8221;off&#8221;]<\/p>\n<p>Aqu\u00ed encontrar\u00e1s material para la sesiones de la Psicoterapia Anal\u00edtica Funcional.<\/p>\n<p><a href=\"https:\/\/drive.google.com\/open?id=1KdImBONfKlAlol0m_tSh0Q6w7VrDQEJV\">EOSS<\/a><\/p>\n<p><a href=\"https:\/\/drive.google.com\/open?id=16UyjYQ0MatnAA5u5rzOJMveYiO9IuA9e\">Cuestionario preliminar de sesiones<\/a><\/p>\n<p><a href=\"https:\/\/drive.google.com\/open?id=1znOmxjF82I2KF5ZKd4DQyvRFfOON-a90\">Ejercicio ARA<\/a><\/p>\n<p><a href=\"https:\/\/drive.google.com\/open?id=1cQhzRljEI_ocKrmJ7868jzeHKN9MOfTq\">Instant\u00e9nea vital FAP<\/a><\/p>\n<p><a href=\"https:\/\/drive.google.com\/open?id=1JFS11wkOkPFBzuxXNdVW9DKL559nB40V\">Preguntas t\u00edpicas FAP<\/a><\/p>\n<p><a href=\"https:\/\/drive.google.com\/open?id=1_RTJK8lAFmeJDtdmrG10qyaGX6J7gSE4\">Ejercicios del Terapeuta<\/a><\/p>\n<p><a href=\"https:\/\/drive.google.com\/open?id=1UndluhWSUOXQMqxPj29_v2y7EX2IPAtr\">Escritura con la mano no dominante<\/a><\/p>\n<p>&nbsp;<\/p>\n<p>[\/et_pb_accordion_item][et_pb_accordion_item title=&#8221;Zona A.C&#8221; _builder_version=&#8221;4.4.3&#8243; open=&#8221;off&#8221;]<\/p>\n<p>Zona Activaci\u00f3n Conductual<\/p>\n<p><a href=\"https:\/\/drive.google.com\/open?id=1OmFQg6jsIU_2FpAy309jPAzli9_v9ZMY\">EROS<\/a><\/p>\n<p><a href=\"https:\/\/drive.google.com\/open?id=15TzOlHeeOmOXWdPxEjX-7Qr65vwLNU2X\">BADS<\/a><\/p>\n<p>[\/et_pb_accordion_item][et_pb_accordion_item title=&#8221;Infantil&#8221; _builder_version=&#8221;4.4.3&#8243; open=&#8221;off&#8221;]<\/p>\n<p><a href=\"https:\/\/drive.google.com\/open?id=0BzFj1mchRzlmbXF0NVo1cE4tWTg\">Lectoescritura<\/a><\/p>\n<p><a href=\"https:\/\/drive.google.com\/open?id=0BxeyofCDnx1lTzVQZ19FTmVza1k\">Emocionario<\/a><\/p>\n<p><a href=\"https:\/\/drive.google.com\/open?id=0BzFj1mchRzlmV3pxbHM1bmVHeEk\">BADYG<\/a><\/p>\n<p><a href=\"https:\/\/drive.google.com\/open?id=0BzFj1mchRzlmM2R4SDh2YXpBbFU\">WISC-IV<\/a><\/p>\n<p><a href=\"https:\/\/drive.google.com\/open?id=0BzFj1mchRzlmdE1sTWVKQ1hSQW8\">DAT-5<\/a><\/p>\n<p><a href=\"https:\/\/drive.google.com\/open?id=0B6bqYTJZe_TNd19HeXdBb2h6cDg\">NEAE<\/a><\/p>\n<p><a href=\"https:\/\/drive.google.com\/open?id=0B6bqYTJZe_TNMThwcnkxVXR6T0U\">RFI<\/a><\/p>\n<p><a href=\"https:\/\/drive.google.com\/open?id=0BzFj1mchRzlmUVdkalNkRGVxZmc\">HIPERACTIVIDAD<\/a><\/p>\n<p><a href=\"https:\/\/drive.google.com\/open?id=1MGcDaoWJkz1zgG1KgHqhxcND_4ZIvtGY\">BENHALE<\/a><\/p>\n<p><a href=\"https:\/\/drive.google.com\/open?id=1UU169PuMMJPNl1sc4_pN-JJtWdgGsAQR\">CARAS-R<\/a><\/p>\n<p><a href=\"https:\/\/drive.google.com\/open?id=1Pag8h3BHrKqk8py5KItJPxsQvQB1Gx47\">CUMANIN<\/a><\/p>\n<p><a href=\"https:\/\/drive.google.com\/open?id=1DlswjuZNCpb9hsvPc_sQifOoUYax8uWh\">DST-J<\/a><\/p>\n<p><a href=\"https:\/\/drive.google.com\/open?id=1eZu5KXJpCDttUNwGkuykSzAoaCIDy4z_\">ENFEN<\/a><\/p>\n<p>&nbsp;<\/p>\n<p>[\/et_pb_accordion_item][et_pb_accordion_item title=&#8221;Audios relajaci\u00f3n&#8221; _builder_version=&#8221;4.4.3&#8243; open=&#8221;off&#8221;]<\/p>\n<p>En esta secci\u00f3n encontrar\u00e1s algunos audios para trabajar la relajaci\u00f3n en sesi\u00f3n.<\/p>\n<p><a href=\"https:\/\/drive.google.com\/open?id=1k_n89_A7bHklSLmgq9cjLVpy7v39VNnl\">Aceptaci\u00f3n de la Ansiedad<\/a><\/p>\n<p><a href=\"https:\/\/drive.google.com\/open?id=1dJKwcZHNiwKAjo4Gn1Xl6AYkULPVW9h0\">Ejercicios de Aceptaci\u00f3n de sentimientos<\/a><\/p>\n<p><a href=\"https:\/\/drive.google.com\/open?id=1QCelCC3MoPVeaBj5XFB8UJpp9UWqX5Sq\">Relajaci\u00f3n Progresiva<\/a><\/p>\n<p>[\/et_pb_accordion_item][et_pb_accordion_item title=&#8221;Administrativo&#8221; _builder_version=&#8221;4.4.3&#8243; open=&#8221;off&#8221;]<\/p>\n<p><a href=\"https:\/\/drive.google.com\/file\/d\/1S0RFU46azt21mLN7aO9YLO_WZneB8m_O\/view?usp=sharing\">Consentimiento Informado<\/a><\/p>\n<p><a href=\"https:\/\/drive.google.com\/file\/d\/1PKYmSSiuZa3vrGiygBOlFOnIL8ORbN1C\/view?usp=sharing\">Reglamento Europeo Protecci\u00f3n de Datos<\/a><\/p>\n<p><a href=\"https:\/\/drive.google.com\/file\/d\/1IoWjOOmVnupSZIxUC3HGUtXAyP3EOeJy\/view?usp=sharing\">Consentimiento Menores<\/a><\/p>\n<p><a href=\"https:\/\/docs.google.com\/document\/d\/1-C4HfqFup5VATsJ-WU7uahPVeYP10DqmVoPfhqWsoqo\/edit?usp=sharing\">Requisitos legales para comenzar la actividdad<\/a><\/p>\n<p><a href=\"https:\/\/drive.google.com\/open?id=11827bKmErjJ8glthlhobb90KAnFEcHQQ\">Modelo de derivaci\u00f3n a Medicina<\/a><\/p>\n<p><a href=\"https:\/\/drive.google.com\/open?id=1p_KSteC_WaZ_Aa-heAS72Wwnteu_vrMq\">Documento de afiliaci\u00f3n<\/a><\/p>\n<p><a href=\"https:\/\/drive.google.com\/open?id=1p_KSteC_WaZ_Aa-heAS72Wwnteu_vrMq\">Autorizaci\u00f3n Domiciliaci\u00f3n<\/a><\/p>\n<p>[\/et_pb_accordion_item][et_pb_accordion_item title=&#8221;Libros&#8221; _builder_version=&#8221;4.4.3&#8243; open=&#8221;off&#8221;]<\/p>\n<p><a href=\"https:\/\/drive.google.com\/open?id=1xdM7K4BtkzVGPBBwnCq2esEJPZ3ECHPr\">200 Tareas de Terapia Breve<\/a><\/p>\n<p><a href=\"https:\/\/drive.google.com\/file\/d\/1pmaQXPdP5dKG3NsuumPK73rzhCIX9Ttw\/view?usp=sharing\">Camino de la Autodependencia<\/a><\/p>\n<p><a href=\"https:\/\/drive.google.com\/file\/d\/1Qxm4r8KVSyQE26pAEC3XfKTdvu-a_gIH\/view?usp=sharing\">Historia de Psicoterapia<\/a><\/p>\n<p><a href=\"https:\/\/drive.google.com\/file\/d\/1WIwi3cG_cW0nHngMU72HCTf2ZckIAaT4\/view?usp=sharing\">Trauma,Culpa y Duelo<\/a><\/p>\n<p><a href=\"https:\/\/drive.google.com\/file\/d\/1IKgjayfwXI5fH93a8z8p8fK77Oausxzm\/view?usp=sharing\">Transferencia y Contratransferencia<\/a><\/p>\n<p><a href=\"https:\/\/drive.google.com\/file\/d\/1SUBC1L-9w1EwfbJKB5fQh59VWO31U9X9\/view?usp=sharing\">Luz en el valle oscuro<\/a><\/p>\n<p><a href=\"https:\/\/drive.google.com\/file\/d\/11x_2jWnsgSDNBkd2ogPp9elLwqJX81sF\/view?usp=sharing\">Conducta Verbal, Skinner<\/a><\/p>\n<p><a href=\"https:\/\/drive.google.com\/open?id=1KEnM64rbd4GGsiliu79UfzxGaRz_32WQ\">Los problemas psicol\u00f3gicos no son enfermedades<\/a><\/p>\n<p><a href=\"https:\/\/drive.google.com\/open?id=1IU3ppEvBzlIpGTfQoPE4YJoP7URhWpNy\">\u00a0El cerebro autista<\/a><\/p>\n<p>&nbsp;<\/p>\n<p>[\/et_pb_accordion_item][et_pb_accordion_item title=&#8221;Localiza tu psic\u00f3logo&#8221; _builder_version=&#8221;4.4.3&#8243; open=&#8221;off&#8221;]<\/p>\n<p>Pr\u00f3ximamente<\/p>\n<p>[\/et_pb_accordion_item][et_pb_accordion_item title=&#8221;Noticias&#8221; _builder_version=&#8221;4.4.3&#8243; open=&#8221;off&#8221;]<\/p>\n<p style=\"text-align: justify;\">En este apartado te mostraremos todas las decisiones que se ir\u00e1n tomando. No te olvides de revisar semanalmente.<\/p>\n<p>[\/et_pb_accordion_item][\/et_pb_accordion][et_pb_blurb title=&#8221;\u00bfQuieres pertenecer a nuestra Red?&#8221; image=&#8221;https:\/\/psicologiageneralista.com\/wp-content\/uploads\/2020\/04\/PsicoGe.png&#8221; _builder_version=&#8221;4.4.3&#8243;]<\/p>\n<p>Si quieres pertenecer a nuestra red y darte a conocer en todo el territorio, te rogamos cumplimente el sigueinte cuestionario.<\/p>\n<p><a href=\"https:\/\/forms.gle\/WgUkv76aXbAAS1VeA\">Red PsicoGe<\/a><\/p>\n<p>[\/et_pb_blurb][\/et_pb_column][\/et_pb_section][et_pb_section fb_built=&#8221;1&#8243; _builder_version=&#8221;4.4.3&#8243;][et_pb_row _builder_version=&#8221;4.4.3&#8243; column_structure=&#8221;1_2,1_2&#8243;][et_pb_column _builder_version=&#8221;4.4.3&#8243; type=&#8221;1_2&#8243;][et_pb_image src=&#8221;https:\/\/psicologiageneralista.com\/wp-content\/uploads\/2020\/07\/proyectos.jpg&#8221; _builder_version=&#8221;4.4.3&#8243; hover_enabled=&#8221;0&#8243;][\/et_pb_image][\/et_pb_column][et_pb_column _builder_version=&#8221;4.4.3&#8243; type=&#8221;1_2&#8243;][et_pb_text _builder_version=&#8221;4.4.3&#8243; hover_enabled=&#8221;0&#8243;]<\/p>\n<p style=\"text-align: justify;\">Los psic\u00f3logos y psic\u00f3logas no s\u00f3lo tenemos que ce\u00f1irnos a la pr\u00e1ctica profesional en consulta. Unas\u00a0 de las v\u00edas de negocio que se pueden implementar es la presentaci\u00f3n de proyectos breves a los Ayuntamientos para intentar conseguir contratos mercantiles. La Asociaci\u00f3n Espa\u00f1ola de Psicolog\u00eda Generalista, en su af\u00e1n de seguir aportando a todos sus asociados informaci\u00f3n relevante para la pr\u00e1ctica profesional, ha decidido colgar un proyectos breve est\u00e1ndar para que sirva de gu\u00eda para futuros proyectos. Esperamos sea de vuestra ayuda.<\/p>\n<p style=\"text-align: justify;\"><a href=\"https:\/\/drive.google.com\/file\/d\/1RsPEtejjpPzDRwKkRtJV65OhGnT6x_LJ\/view?usp=sharing\">Proyecto breve pdf<\/a><\/p>\n<p style=\"text-align: justify;\"><a href=\"https:\/\/drive.google.com\/file\/d\/1VBUan7IRbHhmgIMPlIiUX9jNZ2MpL7Qz\/view?usp=sharing\">Proyecto breve word<\/a><\/p>\n<p>[\/et_pb_text][\/et_pb_column][\/et_pb_row][\/et_pb_section]<\/p>\n","protected":false},"excerpt":{"rendered":"<p>[et_pb_section fb_built=&#8221;1&#8243; fullwidth=&#8221;on&#8221; _builder_version=&#8221;3.22&#8243; background_color=&#8221;#2ea3f2&#8243; use_background_color_gradient=&#8221;on&#8221; background_color_gradient_start=&#8221;#2ea3f2&#8243; background_color_gradient_end=&#8221;#2e6df4&#8243; background_color_gradient_direction=&#8221;330deg&#8221;][et_pb_fullwidth_header title=&#8221;Usuario&#8221; subhead=&#8221;Bienvenido a tu zona de asociado&#8221; _builder_version=&#8221;4.4.3&#8243; background_color=&#8221;rgba(255, 255, 255, 0)&#8221; button_one_text_size__hover_enabled=&#8221;off&#8221; button_two_text_size__hover_enabled=&#8221;off&#8221; button_one_text_color__hover_enabled=&#8221;off&#8221; button_two_text_color__hover_enabled=&#8221;off&#8221; button_one_border_width__hover_enabled=&#8221;off&#8221; button_two_border_width__hover_enabled=&#8221;off&#8221; button_one_border_color__hover_enabled=&#8221;off&#8221; button_two_border_color__hover_enabled=&#8221;off&#8221; button_one_border_radius__hover_enabled=&#8221;off&#8221; button_two_border_radius__hover_enabled=&#8221;off&#8221; button_one_letter_spacing__hover_enabled=&#8221;off&#8221; button_two_letter_spacing__hover_enabled=&#8221;off&#8221; button_one_bg_color__hover_enabled=&#8221;off&#8221; button_two_bg_color__hover_enabled=&#8221;off&#8221;][\/et_pb_fullwidth_header][\/et_pb_section][et_pb_section fb_built=&#8221;1&#8243; specialty=&#8221;on&#8221; _builder_version=&#8221;3.22&#8243;][et_pb_column type=&#8221;1_4&#8243; _builder_version=&#8221;3.25&#8243; custom_padding=&#8221;|||&#8221; custom_padding__hover=&#8221;|||&#8221;][et_pb_sidebar _builder_version=&#8221;4.4.3&#8243; text_shadow_style=&#8221;preset1&#8243; text_shadow_color=&#8221;#0c71c3&#8243;][\/et_pb_sidebar][et_pb_image src=&#8221;https:\/\/psicologiageneralista.com\/wp-content\/uploads\/2020\/06\/descarga-1.jpg&#8221; _builder_version=&#8221;4.4.3&#8243;][\/et_pb_image][et_pb_text _builder_version=&#8221;4.4.3&#8243;] Tema 1. \u00bfQu\u00e9 es un informe psicol\u00f3gico? [&hellip;]<\/p>\n","protected":false},"author":1,"featured_media":79,"parent":0,"menu_order":0,"comment_status":"open","ping_status":"closed","template":"","meta":{"_et_pb_use_builder":"on","_et_pb_old_content":"<p>[ultimatemember form_id=\"142\"]<\/p>\n\n<!-- wp:columns -->\n<div class=\"wp-block-columns\"><!-- wp:column {\"width\":20.1} -->\n<div class=\"wp-block-column\" style=\"flex-basis:20.1%\"><!-- wp:paragraph {\"textColor\":\"luminous-vivid-amber\"} -->\n<p class=\"has-text-color has-luminous-vivid-amber-color\">z<a href=\"https:\/\/psicologiageneralista.com\/index.php\/user\/?preview_id=144&amp;preview_nonce=436d49b0bb&amp;preview=true\">ona  administrativa<\/a><\/p>\n<!-- \/wp:paragraph -->\n\n<!-- wp:paragraph {\"textColor\":\"luminous-vivid-amber\"} -->\n<p class=\"has-text-color has-luminous-vivid-amber-color\"><a href=\"https:\/\/psicologiageneralista.com\/index.php\/user\/?preview_id=144&amp;preview_nonce=436d49b0bb&amp;preview=true\">Vista previa(abre en una nueva pesta\u00f1a)<\/a><\/p>\n<!-- \/wp:paragraph --><\/div>\n<!-- \/wp:column -->\n\n<!-- wp:column {\"width\":50} -->\n<div class=\"wp-block-column\" style=\"flex-basis:50%\"><!-- wp:freeform -->\n<p style=\"text-align: justify;\">Aqu\u00ed podr\u00e1 encontrar informaci\u00f3n y materiales sobre la Asociaci\u00f3n Espa\u00f1ola de Psicolog\u00eda Generalista.<\/p>\n<p style=\"text-align: justify;\">Hemos creado esta secci\u00f3n para reunir los materiales disponibles a fin de hacerlos accesibles a todos nuestros asociados, como as\u00ed tambi\u00e9n proveer una gu\u00eda b\u00e1sica a quienes se aproximan por primera vez al sitio web.<\/p>\n<p style=\"text-align: justify;\"><em><strong>\u00bfQu\u00e9 es la AEPG?<\/strong><\/em><\/p>\n<p style=\"text-align: justify;\"><span style=\"font-weight: 400;\">La Asociaci\u00f3n Espa\u00f1ola de Psicolog\u00eda Generalista est\u00e1 compuesta por profesionales graduados y licenciados de todo el territorio nacional. Disponemos de una amplia formaci\u00f3n en el \u00e1mbito de la investigaci\u00f3n e intervenci\u00f3n sobre la conducta humana, avalados por los programas de formaci\u00f3n tanto nacionales como europeos.&nbsp;<\/span><\/p>\n<p style=\"text-align: justify;\"><span style=\"font-weight: 400;\">Igualmente abrimos nuestras puertas a estudiantes que est\u00e9n interesados en ampliar sus conocimientos y desarrollar estrategias de emprendimiento en el mundo de la psicolog\u00eda. <\/span><\/p>\n<!-- \/wp:freeform --><\/div>\n<!-- \/wp:column -->\n\n<!-- wp:column {\"verticalAlignment\":\"top\",\"width\":25} -->\n<div class=\"wp-block-column is-vertically-aligned-top\" style=\"flex-basis:25%\"><!-- wp:image {\"id\":79,\"sizeSlug\":\"large\",\"className\":\"is-style-rounded\"} -->\n<figure class=\"wp-block-image size-large is-style-rounded\"><img src=\"https:\/\/psicologiageneralista.com\/wp-content\/uploads\/2020\/04\/A.E.PSG_-2.png\" alt=\"\" class=\"wp-image-79\"\/><figcaption><strong>Zona Tercera Generaci\u00f3n<\/strong><\/figcaption><\/figure>\n<!-- \/wp:image -->\n\n<!-- wp:file {\"id\":174,\"href\":\"https:\/\/psicologiageneralista.com\/wp-content\/uploads\/2020\/04\/CUESTIONARIO-DE-VALORES-CONSISTENCIA_0.pdf\",\"showDownloadButton\":false} -->\n<div class=\"wp-block-file\"><a href=\"https:\/\/psicologiageneralista.com\/wp-content\/uploads\/2020\/04\/CUESTIONARIO-DE-VALORES-CONSISTENCIA_0.pdf\">CUESTIONARIO-DE-VALORES-CONSISTENCIA<\/a><\/div>\n<!-- \/wp:file -->\n\n<!-- wp:file {\"id\":177,\"href\":\"https:\/\/psicologiageneralista.com\/wp-content\/uploads\/2020\/04\/CUESTIONARIO-DE-VALORES-IMPORTANCIA.pdf\",\"showDownloadButton\":false} -->\n<div class=\"wp-block-file\"><a href=\"https:\/\/psicologiageneralista.com\/wp-content\/uploads\/2020\/04\/CUESTIONARIO-DE-VALORES-IMPORTANCIA.pdf\">CUESTIONARIO-DE-VALORES-IMPORTANCIA<\/a><\/div>\n<!-- \/wp:file -->\n\n<!-- wp:file {\"id\":179,\"href\":\"https:\/\/psicologiageneralista.com\/wp-content\/uploads\/2020\/04\/Evaluaci\u00f3n-funcional-en-ACT_0.pdf\",\"showDownloadButton\":false} -->\n<div class=\"wp-block-file\"><a href=\"https:\/\/psicologiageneralista.com\/wp-content\/uploads\/2020\/04\/Evaluaci\u00f3n-funcional-en-ACT_0.pdf\">Evaluaci\u00f3n-funcional-en-ACT<\/a><\/div>\n<!-- \/wp:file -->\n\n<!-- wp:file {\"id\":180,\"href\":\"https:\/\/psicologiageneralista.com\/wp-content\/uploads\/2020\/04\/Formulario-de-Metas-Acciones-y-Barreras_0.pdf\",\"showDownloadButton\":false} -->\n<div class=\"wp-block-file\"><a href=\"https:\/\/psicologiageneralista.com\/wp-content\/uploads\/2020\/04\/Formulario-de-Metas-Acciones-y-Barreras_0.pdf\">Formulario-de-Metas-Acciones-y-Barreras<\/a><\/div>\n<!-- \/wp:file -->\n\n<!-- wp:file {\"id\":181,\"href\":\"https:\/\/psicologiageneralista.com\/wp-content\/uploads\/2020\/04\/Registro-de-Malestar-y-Acciones-Valiosas_0.pdf\",\"showDownloadButton\":false} -->\n<div class=\"wp-block-file\"><a href=\"https:\/\/psicologiageneralista.com\/wp-content\/uploads\/2020\/04\/Registro-de-Malestar-y-Acciones-Valiosas_0.pdf\">Registro-de-Malestar-y-Acciones-Valiosas<\/a><\/div>\n<!-- \/wp:file -->\n\n<!-- wp:file {\"id\":182,\"href\":\"https:\/\/psicologiageneralista.com\/wp-content\/uploads\/2020\/04\/Formulario-de-Consulta.docx\",\"showDownloadButton\":false} -->\n<div class=\"wp-block-file\"><a href=\"https:\/\/psicologiageneralista.com\/wp-content\/uploads\/2020\/04\/Formulario-de-Consulta.docx\">Formulario-de-Consulta<\/a><\/div>\n<!-- \/wp:file -->\n\n<!-- wp:separator -->\n<hr class=\"wp-block-separator\"\/>\n<!-- \/wp:separator -->\n\n<!-- wp:heading -->\n<h2>Test<\/h2>\n<!-- \/wp:heading -->\n\n<!-- wp:file {\"id\":183,\"href\":\"https:\/\/psicologiageneralista.com\/wp-content\/uploads\/2020\/04\/07-Romero-fusionCognitive-2.pdf\",\"showDownloadButton\":false} -->\n<div class=\"wp-block-file\"><a href=\"https:\/\/psicologiageneralista.com\/wp-content\/uploads\/2020\/04\/07-Romero-fusionCognitive-2.pdf\">fusionCognitive<\/a><\/div>\n<!-- \/wp:file -->\n\n<!-- wp:file {\"id\":184,\"href\":\"https:\/\/psicologiageneralista.com\/wp-content\/uploads\/2020\/04\/AAQ_Spanishadaptation-1.pdf\",\"showDownloadButton\":false} -->\n<div class=\"wp-block-file\"><a href=\"https:\/\/psicologiageneralista.com\/wp-content\/uploads\/2020\/04\/AAQ_Spanishadaptation-1.pdf\">AAQ_Spanishadaptation<\/a><\/div>\n<!-- \/wp:file -->\n\n<!-- wp:file {\"id\":185,\"href\":\"https:\/\/psicologiageneralista.com\/wp-content\/uploads\/2020\/04\/Spanish-AAQ-II.pdf\",\"showDownloadButton\":false} -->\n<div class=\"wp-block-file\"><a href=\"https:\/\/psicologiageneralista.com\/wp-content\/uploads\/2020\/04\/Spanish-AAQ-II.pdf\">Spanish-AAQ-II<\/a><\/div>\n<!-- \/wp:file -->\n\n<!-- wp:file {\"id\":186,\"href\":\"https:\/\/psicologiageneralista.com\/wp-content\/uploads\/2020\/04\/VQescalavalores2.0-S2212144714000532-main-1-1.pdf\",\"showDownloadButton\":false} -->\n<div class=\"wp-block-file\"><a href=\"https:\/\/psicologiageneralista.com\/wp-content\/uploads\/2020\/04\/VQescalavalores2.0-S2212144714000532-main-1-1.pdf\">VQescalavalores<\/a><\/div>\n<!-- \/wp:file -->\n\n<!-- wp:file {\"id\":187,\"href\":\"https:\/\/psicologiageneralista.com\/wp-content\/uploads\/2020\/04\/Formulario-de-Metas-Acciones-y-Barreras_0-1.pdf\",\"showDownloadButton\":false} -->\n<div class=\"wp-block-file\"><a href=\"https:\/\/psicologiageneralista.com\/wp-content\/uploads\/2020\/04\/Formulario-de-Metas-Acciones-y-Barreras_0-1.pdf\">Formulario-de-Metas-Acciones-y-Barreras<\/a><\/div>\n<!-- \/wp:file --><\/div>\n<!-- \/wp:column --><\/div>\n<!-- \/wp:columns -->","_et_gb_content_width":"793","_joinchat":[],"footnotes":""},"class_list":["post-144","page","type-page","status-publish","has-post-thumbnail","hentry"],"_links":{"self":[{"href":"https:\/\/psicologiageneralista.com\/index.php\/wp-json\/wp\/v2\/pages\/144","targetHints":{"allow":["GET"]}}],"collection":[{"href":"https:\/\/psicologiageneralista.com\/index.php\/wp-json\/wp\/v2\/pages"}],"about":[{"href":"https:\/\/psicologiageneralista.com\/index.php\/wp-json\/wp\/v2\/types\/page"}],"author":[{"embeddable":true,"href":"https:\/\/psicologiageneralista.com\/index.php\/wp-json\/wp\/v2\/users\/1"}],"replies":[{"embeddable":true,"href":"https:\/\/psicologiageneralista.com\/index.php\/wp-json\/wp\/v2\/comments?post=144"}],"version-history":[{"count":0,"href":"https:\/\/psicologiageneralista.com\/index.php\/wp-json\/wp\/v2\/pages\/144\/revisions"}],"wp:featuredmedia":[{"embeddable":true,"href":"https:\/\/psicologiageneralista.com\/index.php\/wp-json\/wp\/v2\/media\/79"}],"wp:attachment":[{"href":"https:\/\/psicologiageneralista.com\/index.php\/wp-json\/wp\/v2\/media?parent=144"}],"curies":[{"name":"wp","href":"https:\/\/api.w.org\/{rel}","templated":true}]}}