{"id":317,"date":"2020-04-27T17:11:15","date_gmt":"2020-04-27T17:11:15","guid":{"rendered":"https:\/\/psicologiageneralista.com\/?post_type=cm-business&#038;p=317"},"modified":"2024-12-27T12:51:49","modified_gmt":"2024-12-27T12:51:49","slug":"proyecto-origami","status":"publish","type":"cm-business","link":"https:\/\/psicologiageneralista.com\/index.php\/cm-business\/proyecto-origami\/","title":{"rendered":"Proyecto Origami, Gabinete Psicoeducativo"},"content":{"rendered":"<p>El trabajo que realizo con las familias o personas que me contactan, se ajusta a las necesidades de cada caso.<\/p>\n<p>Entre sesiones, se mantiene contacto mediante WhatsApp, Telegram y correo electr\u00f3nico para facilitar apoyos en situaciones puntuales y resolver dudas en aplicaci\u00f3n de estrategias, as\u00ed como ajustar detalles de las mismas. Mi \u00e1rea de actuaci\u00f3n es la provincia de Valencia, pero se pueden contemplar otras \u00e1reas. El Gabinete se encuentra en Godella, cerca de su parada de metro.<\/p>\n<p>Tambi\u00e9n hay opci\u00f3n a trabajo on-line, mediante sesiones por video-conferencia o e-mail en casos que as\u00ed lo requieran.<\/p>\n<p>La formaci\u00f3n se realiza tambi\u00e9n tanto presencialmente como on-line.<\/p>\n<p>Las \u00e1reas de trabajo en las que os puedo ayudar son:<\/p>\n<ul>\n<li>Autismo: intervenci\u00f3n psico-educativa tanto en entornos naturales como en gabinete, con ni\u00f1os y adultos. Trabajo con familias as\u00ed como personas con TEA en base a la filosof\u00eda de trabajo PCPF (Planificaci\u00f3n Centrada en la Persona y su Familia).<\/li>\n<li>Conductas que nos resultan un reto, tanto de ni\u00f1os como de adolescentes.<\/li>\n<li>Din\u00e1micas familiares.<\/li>\n<li>Dificultades del aprendizaje: dislexia, TDA-H, etc.<\/li>\n<li>Bullying y dem\u00e1s complicaciones surgidas del contexto educativo.<\/li>\n<li>Dificultades emocionales.<\/li>\n<li>Procesos de separaci\u00f3n\/divorcio, duelo\u2026 y todo tipo de cambios familiares.<\/li>\n<li>Charlas, monogr\u00e1ficos y cursos para grupos (de padres, profesores, profesionales\u2026).<\/li>\n<li>Y mucho m\u00e1s!<\/li>\n<\/ul>\n<p>&nbsp;<\/p>\n","protected":false},"excerpt":{"rendered":"<p>El trabajo que realizo con las familias o personas que me contactan, se ajusta a las necesidades de cada caso. Entre sesiones, se mantiene contacto mediante WhatsApp, Telegram y correo electr\u00f3nico para facilitar apoyos en situaciones puntuales y resolver dudas en aplicaci\u00f3n de estrategias, as\u00ed como ajustar detalles de las mismas. Mi \u00e1rea de actuaci\u00f3n [&hellip;]<\/p>\n","protected":false},"parent":0,"menu_order":0,"template":"","cm-business-category":[15],"class_list":["post-317","cm-business","type-cm-business","status-publish","hentry","cm-business-category-valencia"],"_links":{"self":[{"href":"https:\/\/psicologiageneralista.com\/index.php\/wp-json\/wp\/v2\/cm-business\/317","targetHints":{"allow":["GET"]}}],"collection":[{"href":"https:\/\/psicologiageneralista.com\/index.php\/wp-json\/wp\/v2\/cm-business"}],"about":[{"href":"https:\/\/psicologiageneralista.com\/index.php\/wp-json\/wp\/v2\/types\/cm-business"}],"version-history":[{"count":0,"href":"https:\/\/psicologiageneralista.com\/index.php\/wp-json\/wp\/v2\/cm-business\/317\/revisions"}],"wp:attachment":[{"href":"https:\/\/psicologiageneralista.com\/index.php\/wp-json\/wp\/v2\/media?parent=317"}],"wp:term":[{"taxonomy":"cm-business-category","embeddable":true,"href":"https:\/\/psicologiageneralista.com\/index.php\/wp-json\/wp\/v2\/cm-business-category?post=317"}],"curies":[{"name":"wp","href":"https:\/\/api.w.org\/{rel}","templated":true}]}}